{"id":13903,"date":"2024-08-26T11:59:26","date_gmt":"2024-08-26T11:59:26","guid":{"rendered":"https:\/\/wcf.de\/de\/?page_id=13903"},"modified":"2024-08-26T12:22:39","modified_gmt":"2024-08-26T12:22:39","slug":"2022-2","status":"publish","type":"page","link":"https:\/\/wcf.de\/de\/2022-2\/","title":{"rendered":"2022"},"content":{"rendered":"\t\t<div data-elementor-type=\"wp-page\" data-elementor-id=\"13903\" class=\"elementor elementor-13903\" data-elementor-post-type=\"page\">\n\t\t\t\t\t\t<section class=\"elementor-section elementor-top-section elementor-element elementor-element-5e9bf359 elementor-section-full_width elementor-section-height-default elementor-section-height-default\" data-id=\"5e9bf359\" data-element_type=\"section\" data-e-type=\"section\">\n\t\t\t\t\t\t<div class=\"elementor-container elementor-column-gap-default\">\n\t\t\t\t\t<div class=\"elementor-column elementor-col-100 elementor-top-column elementor-element elementor-element-afc65fd\" data-id=\"afc65fd\" data-element_type=\"column\" data-e-type=\"column\">\n\t\t\t<div class=\"elementor-widget-wrap elementor-element-populated\">\n\t\t\t\t\t\t<div class=\"elementor-element elementor-element-91c6092 elementor-widget elementor-widget-heading\" data-id=\"91c6092\" data-element_type=\"widget\" data-e-type=\"widget\" data-widget_type=\"heading.default\">\n\t\t\t\t<div class=\"elementor-widget-container\">\n\t\t\t\t\t<h5 class=\"elementor-heading-title elementor-size-large\">Archiv 2022<\/h5>\t\t\t\t<\/div>\n\t\t\t\t<\/div>\n\t\t\t\t\t<\/div>\n\t\t<\/div>\n\t\t\t\t\t<\/div>\n\t\t<\/section>\n\t\t\t\t<section class=\"elementor-section elementor-top-section elementor-element elementor-element-2c760bb elementor-section-full_width elementor-section-height-default elementor-section-height-default\" data-id=\"2c760bb\" data-element_type=\"section\" data-e-type=\"section\">\n\t\t\t\t\t\t<div class=\"elementor-container elementor-column-gap-default\">\n\t\t\t\t\t<div class=\"elementor-column elementor-col-100 elementor-top-column elementor-element elementor-element-483c63b\" data-id=\"483c63b\" data-element_type=\"column\" data-e-type=\"column\">\n\t\t\t<div class=\"elementor-widget-wrap elementor-element-populated\">\n\t\t\t\t\t\t<div class=\"elementor-element elementor-element-6223940 elementor-widget elementor-widget-text-editor\" data-id=\"6223940\" data-element_type=\"widget\" data-e-type=\"widget\" data-widget_type=\"text-editor.default\">\n\t\t\t\t<div class=\"elementor-widget-container\">\n\t\t\t\t\t\t\t\t\t\n<p>2022-12-23<\/p>\n<h6>B\u00fcroschlie\u00dfung Weihnachten bis 1. Januar 2023<\/h6>\n<p>Liebe Mitglieder, <br \/>Das WCF-B\u00fcro ist bis einschlie\u00dflich 1. Januar 2023 geschlossen, es werden keine Anfragen beantwortet.<br \/>Auch Frau Hackmann ist in dieser Zeit nicht erreichbar, bitte sehen Sie von pers\u00f6nlichen Telefonaten und WhatsApp-Nachrichten ab.<\/p>\n<p>Wir w\u00fcnschen allen Mitgliedern frohe Weihnachten und ein erfolgreiches 2023!<br \/>Ihr WCF B\u00fcroteam <\/p>\n\t\t\t\t\t\t\t\t<\/div>\n\t\t\t\t<\/div>\n\t\t\t\t<div class=\"elementor-element elementor-element-43b208d elementor-widget-divider--view-line elementor-widget elementor-widget-divider\" data-id=\"43b208d\" data-element_type=\"widget\" data-e-type=\"widget\" data-widget_type=\"divider.default\">\n\t\t\t\t<div class=\"elementor-widget-container\">\n\t\t\t\t\t\t\t<div class=\"elementor-divider\">\n\t\t\t<span class=\"elementor-divider-separator\">\n\t\t\t\t\t\t<\/span>\n\t\t<\/div>\n\t\t\t\t\t\t<\/div>\n\t\t\t\t<\/div>\n\t\t\t\t\t<\/div>\n\t\t<\/div>\n\t\t\t\t\t<\/div>\n\t\t<\/section>\n\t\t\t\t<section class=\"elementor-section elementor-top-section elementor-element elementor-element-a825052 elementor-section-full_width elementor-section-height-default elementor-section-height-default\" data-id=\"a825052\" data-element_type=\"section\" data-e-type=\"section\">\n\t\t\t\t\t\t<div class=\"elementor-container elementor-column-gap-default\">\n\t\t\t\t\t<div class=\"elementor-column elementor-col-100 elementor-top-column elementor-element elementor-element-a3b6664\" data-id=\"a3b6664\" data-element_type=\"column\" data-e-type=\"column\">\n\t\t\t<div class=\"elementor-widget-wrap elementor-element-populated\">\n\t\t\t\t\t\t<div class=\"elementor-element elementor-element-96bcd93 elementor-widget elementor-widget-text-editor\" data-id=\"96bcd93\" data-element_type=\"widget\" data-e-type=\"widget\" data-widget_type=\"text-editor.default\">\n\t\t\t\t<div class=\"elementor-widget-container\">\n\t\t\t\t\t\t\t\t\t\n<p>2022-12-08<\/p>\n<h6>Newsletter Nr. 39<\/h6>\n<p>Liebe Mitglieder, liebe Richter,<br \/>am 7. Dezember wurde unser Newsletter Nr. 39 versandt.<br \/>Sollten Sie ihn nicht erhalten haben, kontaktieren Sie bitte das WCF B\u00fcro.<br \/><br \/><\/p>\n<p>Anneliese Hackmann<br \/>WCF Pr\u00e4sidentin<\/p>\n\t\t\t\t\t\t\t\t<\/div>\n\t\t\t\t<\/div>\n\t\t\t\t<div class=\"elementor-element elementor-element-c57395e elementor-widget-divider--view-line elementor-widget elementor-widget-divider\" data-id=\"c57395e\" data-element_type=\"widget\" data-e-type=\"widget\" data-widget_type=\"divider.default\">\n\t\t\t\t<div class=\"elementor-widget-container\">\n\t\t\t\t\t\t\t<div class=\"elementor-divider\">\n\t\t\t<span class=\"elementor-divider-separator\">\n\t\t\t\t\t\t<\/span>\n\t\t<\/div>\n\t\t\t\t\t\t<\/div>\n\t\t\t\t<\/div>\n\t\t\t\t\t<\/div>\n\t\t<\/div>\n\t\t\t\t\t<\/div>\n\t\t<\/section>\n\t\t\t\t<section class=\"elementor-section elementor-top-section elementor-element elementor-element-61a72b4 elementor-section-full_width elementor-section-height-default elementor-section-height-default\" data-id=\"61a72b4\" data-element_type=\"section\" data-e-type=\"section\">\n\t\t\t\t\t\t<div class=\"elementor-container elementor-column-gap-default\">\n\t\t\t\t\t<div class=\"elementor-column elementor-col-100 elementor-top-column elementor-element elementor-element-f4624ec\" data-id=\"f4624ec\" data-element_type=\"column\" data-e-type=\"column\">\n\t\t\t<div class=\"elementor-widget-wrap elementor-element-populated\">\n\t\t\t\t\t\t<div class=\"elementor-element elementor-element-ca3fe6b elementor-widget elementor-widget-text-editor\" data-id=\"ca3fe6b\" data-element_type=\"widget\" data-e-type=\"widget\" data-widget_type=\"text-editor.default\">\n\t\t\t\t<div class=\"elementor-widget-container\">\n\t\t\t\t\t\t\t\t\t\n<p>2022-12-01<\/p>\n<h6>Neuregelung f\u00fcr die Vergabe von Weltausstellungen<\/h6>\n<p>Der Vorstand hat Folgendes beschlossen:<br \/><br \/><\/p>\n<ol>\n<li>Alle Vereine bekommen grunds\u00e4tzlich maximal alle zwei Jahre die M\u00f6glichkeit, eine Weltausstellung zu veranstalten, allerdings nur unter der Voraussetzung, dass in dem jeweiligen Land kein anderer Verein eine Weltausstellung machen m\u00f6chte. Sollten sich mehrere Vereine aus demselben Land f\u00fcr eine Weltausstellung bewerben, geht die Vergabe der Reihe nach.<br \/><br \/><\/li>\n<li>Sollte es sich bei dem Verein um einen fr\u00fcheren Patronatsverein handeln, der noch nicht lange Patronatsverein war, bevor er auf der Generalversammlung als Vollmitglied best\u00e4tigt wurde, und er daher noch nicht alle f\u00fcnf Ausstellungen mit Supervisor ausgerichtet hat, muss dieser Club erst die f\u00fcnf Ausstellungen mit Supervisor absolvieren, bevor er eine Genehmigung f\u00fcr eine Weltausstellung erh\u00e4lt.<br \/><br \/><\/li>\n<li>Auf jeder Weltausstellung m\u00fcssen mindestens 80 Katzen registriert sein.<br \/><br \/><\/li>\n<\/ol>\n<p>Diese Vorstandsentscheidung mit Regelcharakter tritt mit Ver\u00f6ffentlichung in Kraft und <br \/>wird der n\u00e4chsten Generalversammlung zur Abstimmung vorgelegt.<br \/><br \/><\/p>\n<p>Der Vorstand<\/p>\n\t\t\t\t\t\t\t\t<\/div>\n\t\t\t\t<\/div>\n\t\t\t\t<div class=\"elementor-element elementor-element-4b5148e elementor-widget-divider--view-line elementor-widget elementor-widget-divider\" data-id=\"4b5148e\" data-element_type=\"widget\" data-e-type=\"widget\" data-widget_type=\"divider.default\">\n\t\t\t\t<div class=\"elementor-widget-container\">\n\t\t\t\t\t\t\t<div class=\"elementor-divider\">\n\t\t\t<span class=\"elementor-divider-separator\">\n\t\t\t\t\t\t<\/span>\n\t\t<\/div>\n\t\t\t\t\t\t<\/div>\n\t\t\t\t<\/div>\n\t\t\t\t\t<\/div>\n\t\t<\/div>\n\t\t\t\t\t<\/div>\n\t\t<\/section>\n\t\t\t\t<section class=\"elementor-section elementor-top-section elementor-element elementor-element-bdb3476 elementor-section-full_width elementor-section-height-default elementor-section-height-default\" data-id=\"bdb3476\" data-element_type=\"section\" data-e-type=\"section\">\n\t\t\t\t\t\t<div class=\"elementor-container elementor-column-gap-default\">\n\t\t\t\t\t<div class=\"elementor-column elementor-col-100 elementor-top-column elementor-element elementor-element-dcb7a82\" data-id=\"dcb7a82\" data-element_type=\"column\" data-e-type=\"column\">\n\t\t\t<div class=\"elementor-widget-wrap elementor-element-populated\">\n\t\t\t\t\t\t<div class=\"elementor-element elementor-element-d4bdeb6 elementor-widget elementor-widget-text-editor\" data-id=\"d4bdeb6\" data-element_type=\"widget\" data-e-type=\"widget\" data-widget_type=\"text-editor.default\">\n\t\t\t\t<div class=\"elementor-widget-container\">\n\t\t\t\t\t\t\t\t\t\n<p>2022-09-29<\/p>\n<h6>Generalsekret\u00e4r, Arbeitsgruppe Sekretariat<\/h6>\n<p>Liebe Mitglieder,<br \/><br \/>wir haben nun sorgf\u00e4ltig alle Mails bez\u00fcglich der Besetzung der Generalsekret\u00e4rin gelesen und <br \/>nach erneuter Vorstandssitzung sind wir zu folgendem Ergebnis gekommen:<br \/><br \/>Wir haben eine Arbeitsgruppe \u201eSekretariat\u201c gegr\u00fcndet, diese besteht aus 3 Personen<br \/><br \/>Frau Cernova<br \/><br \/>Frau Pepermans<br \/><br \/>Frau Li<br \/><br \/>Die Aufgabenbereiche und die Mailadressen der einzelnen Personen entnehmen Sie bitte der Aufstellung:<br \/><br \/><strong>Frau Tatjana Cernova<\/strong> <br \/><a href=\"mailto:cernova.secretary@wcf.de\">cernova.secretary@wcf.de<\/a><br \/>Frau Cernova ist f\u00fcr alle Anfragen aus Belarus, Russland, Kasachstan und Kirgisistan zust\u00e4ndig.<br \/>Sie bearbeitet auch weiterhin alle Jointshows.<\/p>\n<p><strong>Frau Brigitte Pepermans<\/strong> <br \/><a href=\"mailto:pepermans.secretary@wcf.de\">pepermans.secretary@wcf.de<\/a><br \/>Frau Pepermans ist f\u00fcr alle Anfragen aus dem europ\u00e4ischen, nord- und <br \/>s\u00fcdamerikanischen Raum, Nahost sowie S\u00fcdafrika zust\u00e4ndig.\u00a0<\/p>\n<p><strong>Frau Qing Li<\/strong> <br \/><a href=\"mailto:Li.secretary@wcf.de\">Li.secretary@wcf.de<\/a><br \/>Frau Li ist f\u00fcr alle Anfragen aus dem asiatischen Raum zust\u00e4ndig.<br \/>Au\u00dferdem \u00fcbernimmt sie alle Disziplinarverfahren.<br \/><br \/><\/p>\n<p>Neue Vereine, die Patronatsverein werden m\u00f6chten, schicken bitte ihre Anfragen an die jeweilige Sekret\u00e4rin und auch an das WCF-B\u00fcro. <br \/>Vereine, die Vertragspartner werden m\u00f6chten, m\u00fcssen weiterhin ihre Anfrage direkt an das B\u00fcro schicken. <br \/>Wenn Anfragen an das B\u00fcro geschickt werden, werden diese an die zust\u00e4ndige Sekret\u00e4rin weitergeleitet. <br \/>Wir hoffen, dass Sie mit unserer Entscheidung einverstanden sind und hoffen auf eine friedvolle und kooperative Zusammenarbeit im Sinne unserer Katzen.<br \/><br \/><\/p>\n<p>Der Vorstand<\/p>\n\t\t\t\t\t\t\t\t<\/div>\n\t\t\t\t<\/div>\n\t\t\t\t<div class=\"elementor-element elementor-element-41bd329 elementor-widget-divider--view-line elementor-widget elementor-widget-divider\" data-id=\"41bd329\" data-element_type=\"widget\" data-e-type=\"widget\" data-widget_type=\"divider.default\">\n\t\t\t\t<div class=\"elementor-widget-container\">\n\t\t\t\t\t\t\t<div class=\"elementor-divider\">\n\t\t\t<span class=\"elementor-divider-separator\">\n\t\t\t\t\t\t<\/span>\n\t\t<\/div>\n\t\t\t\t\t\t<\/div>\n\t\t\t\t<\/div>\n\t\t\t\t\t<\/div>\n\t\t<\/div>\n\t\t\t\t\t<\/div>\n\t\t<\/section>\n\t\t\t\t<section class=\"elementor-section elementor-top-section elementor-element elementor-element-f8851fb elementor-section-full_width elementor-section-height-default elementor-section-height-default\" data-id=\"f8851fb\" data-element_type=\"section\" data-e-type=\"section\">\n\t\t\t\t\t\t<div class=\"elementor-container elementor-column-gap-default\">\n\t\t\t\t\t<div class=\"elementor-column elementor-col-100 elementor-top-column elementor-element elementor-element-0ac7c9e\" data-id=\"0ac7c9e\" data-element_type=\"column\" data-e-type=\"column\">\n\t\t\t<div class=\"elementor-widget-wrap elementor-element-populated\">\n\t\t\t\t\t\t<div class=\"elementor-element elementor-element-ae04dcb elementor-widget elementor-widget-text-editor\" data-id=\"ae04dcb\" data-element_type=\"widget\" data-e-type=\"widget\" data-widget_type=\"text-editor.default\">\n\t\t\t\t<div class=\"elementor-widget-container\">\n\t\t\t\t\t\t\t\t\t\n<p>2022-07-19<\/p>\n<h6>Tagesordnung GV 2022<\/h6>\n<p>Liebe Vereinspr\u00e4sidenten! Liebe Vorstandsmitglieder! Liebe Kommissionsmitglieder!<br \/><br \/>Die Tagesordnung f\u00fcr unsere Generalversammlung 2022 steht Ihnen jetzt im Mitgliederbereich zur Verf\u00fcgung.<br \/><br \/><\/p>\n<p>Anneliese Hackmann<br \/>Pr\u00e4sidentin WCF e.V.<\/p>\n\t\t\t\t\t\t\t\t<\/div>\n\t\t\t\t<\/div>\n\t\t\t\t<div class=\"elementor-element elementor-element-d187a8e elementor-widget-divider--view-line elementor-widget elementor-widget-divider\" data-id=\"d187a8e\" data-element_type=\"widget\" data-e-type=\"widget\" data-widget_type=\"divider.default\">\n\t\t\t\t<div class=\"elementor-widget-container\">\n\t\t\t\t\t\t\t<div class=\"elementor-divider\">\n\t\t\t<span class=\"elementor-divider-separator\">\n\t\t\t\t\t\t<\/span>\n\t\t<\/div>\n\t\t\t\t\t\t<\/div>\n\t\t\t\t<\/div>\n\t\t\t\t\t<\/div>\n\t\t<\/div>\n\t\t\t\t\t<\/div>\n\t\t<\/section>\n\t\t\t\t<section class=\"elementor-section elementor-top-section elementor-element elementor-element-da72708 elementor-section-full_width elementor-section-height-default elementor-section-height-default\" data-id=\"da72708\" data-element_type=\"section\" data-e-type=\"section\">\n\t\t\t\t\t\t<div class=\"elementor-container elementor-column-gap-default\">\n\t\t\t\t\t<div class=\"elementor-column elementor-col-100 elementor-top-column elementor-element elementor-element-b1c8485\" data-id=\"b1c8485\" data-element_type=\"column\" data-e-type=\"column\">\n\t\t\t<div class=\"elementor-widget-wrap elementor-element-populated\">\n\t\t\t\t\t\t<div class=\"elementor-element elementor-element-6417fc1 elementor-widget elementor-widget-text-editor\" data-id=\"6417fc1\" data-element_type=\"widget\" data-e-type=\"widget\" data-widget_type=\"text-editor.default\">\n\t\t\t\t<div class=\"elementor-widget-container\">\n\t\t\t\t\t\t\t\t\t\n<p>2022-07-10<\/p>\n<h6><strong>Nachruf Frau Irina Kondratyeva<\/strong><\/h6>\n\t\t\t\t\t\t\t\t<\/div>\n\t\t\t\t<\/div>\n\t\t\t\t<section class=\"elementor-section elementor-inner-section elementor-element elementor-element-9af2a89 elementor-section-full_width elementor-section-height-default elementor-section-height-default\" data-id=\"9af2a89\" data-element_type=\"section\" data-e-type=\"section\">\n\t\t\t\t\t\t<div class=\"elementor-container elementor-column-gap-default\">\n\t\t\t\t\t<div class=\"elementor-column elementor-col-50 elementor-inner-column elementor-element elementor-element-b3ac0c9\" data-id=\"b3ac0c9\" data-element_type=\"column\" data-e-type=\"column\">\n\t\t\t<div class=\"elementor-widget-wrap elementor-element-populated\">\n\t\t\t\t\t\t<div class=\"elementor-element elementor-element-fe3b81a elementor-widget elementor-widget-image\" data-id=\"fe3b81a\" data-element_type=\"widget\" data-e-type=\"widget\" data-widget_type=\"image.default\">\n\t\t\t\t<div class=\"elementor-widget-container\">\n\t\t\t\t\t\t\t\t\t\t\t\t\t\t\t<img fetchpriority=\"high\" decoding=\"async\" width=\"404\" height=\"342\" src=\"https:\/\/wcf.de\/de\/wp-content\/uploads\/sites\/9\/2022\/07\/Kondratieva_Irina.jpg\" class=\"attachment-full size-full wp-image-13010\" alt=\"\" srcset=\"https:\/\/wcf.de\/de\/wp-content\/uploads\/sites\/9\/2022\/07\/Kondratieva_Irina.jpg 404w, https:\/\/wcf.de\/de\/wp-content\/uploads\/sites\/9\/2022\/07\/Kondratieva_Irina-300x254.jpg 300w\" sizes=\"(max-width: 404px) 100vw, 404px\" \/>\t\t\t\t\t\t\t\t\t\t\t\t\t\t\t<\/div>\n\t\t\t\t<\/div>\n\t\t\t\t\t<\/div>\n\t\t<\/div>\n\t\t\t\t<div class=\"elementor-column elementor-col-50 elementor-inner-column elementor-element elementor-element-841afd9\" data-id=\"841afd9\" data-element_type=\"column\" data-e-type=\"column\">\n\t\t\t<div class=\"elementor-widget-wrap elementor-element-populated\">\n\t\t\t\t\t\t<div class=\"elementor-element elementor-element-16a17ad elementor-widget elementor-widget-text-editor\" data-id=\"16a17ad\" data-element_type=\"widget\" data-e-type=\"widget\" data-widget_type=\"text-editor.default\">\n\t\t\t\t<div class=\"elementor-widget-container\">\n\t\t\t\t\t\t\t\t\t<p>Mit gro\u00dfem Bedauern haben wir vom pl\u00f6tzlichen Tod unserer Internationalen WCF-Richterin und Pr\u00e4sidentin des Moskauer WCF Klubs ZOOMIR Irina Kondratyeva erfahren.<\/p>\n<p><br \/>Unser aufrichtiges Beileid an ihre Familie und Freunde. <\/p>\n<p>\u00a0<\/p>\n<p>Der Vorstand<\/p>\t\t\t\t\t\t\t\t<\/div>\n\t\t\t\t<\/div>\n\t\t\t\t\t<\/div>\n\t\t<\/div>\n\t\t\t\t\t<\/div>\n\t\t<\/section>\n\t\t\t\t<div class=\"elementor-element elementor-element-bf87085 elementor-widget-divider--view-line elementor-widget elementor-widget-divider\" data-id=\"bf87085\" data-element_type=\"widget\" data-e-type=\"widget\" data-widget_type=\"divider.default\">\n\t\t\t\t<div class=\"elementor-widget-container\">\n\t\t\t\t\t\t\t<div class=\"elementor-divider\">\n\t\t\t<span class=\"elementor-divider-separator\">\n\t\t\t\t\t\t<\/span>\n\t\t<\/div>\n\t\t\t\t\t\t<\/div>\n\t\t\t\t<\/div>\n\t\t\t\t\t<\/div>\n\t\t<\/div>\n\t\t\t\t\t<\/div>\n\t\t<\/section>\n\t\t\t\t<section class=\"elementor-section elementor-top-section elementor-element elementor-element-a952214 elementor-section-full_width elementor-section-height-default elementor-section-height-default\" data-id=\"a952214\" data-element_type=\"section\" data-e-type=\"section\">\n\t\t\t\t\t\t<div class=\"elementor-container elementor-column-gap-default\">\n\t\t\t\t\t<div class=\"elementor-column elementor-col-100 elementor-top-column elementor-element elementor-element-511ec4e\" data-id=\"511ec4e\" data-element_type=\"column\" data-e-type=\"column\">\n\t\t\t<div class=\"elementor-widget-wrap elementor-element-populated\">\n\t\t\t\t\t\t<div class=\"elementor-element elementor-element-2b0e63a elementor-widget elementor-widget-text-editor\" data-id=\"2b0e63a\" data-element_type=\"widget\" data-e-type=\"widget\" data-widget_type=\"text-editor.default\">\n\t\t\t\t<div class=\"elementor-widget-container\">\n\t\t\t\t\t\t\t\t\t\n<p>2022-07-07<\/p>\n<h6><strong>Nachruf Hr. Miroslaw Jarmuszewski<\/strong><\/h6>\n\t\t\t\t\t\t\t\t<\/div>\n\t\t\t\t<\/div>\n\t\t\t\t<section class=\"elementor-section elementor-inner-section elementor-element elementor-element-21c056b elementor-section-full_width elementor-section-height-default elementor-section-height-default\" data-id=\"21c056b\" data-element_type=\"section\" data-e-type=\"section\">\n\t\t\t\t\t\t<div class=\"elementor-container elementor-column-gap-default\">\n\t\t\t\t\t<div class=\"elementor-column elementor-col-50 elementor-inner-column elementor-element elementor-element-f222d3f\" data-id=\"f222d3f\" data-element_type=\"column\" data-e-type=\"column\">\n\t\t\t<div class=\"elementor-widget-wrap elementor-element-populated\">\n\t\t\t\t\t\t<div class=\"elementor-element elementor-element-67987b6 elementor-widget elementor-widget-image\" data-id=\"67987b6\" data-element_type=\"widget\" data-e-type=\"widget\" data-widget_type=\"image.default\">\n\t\t\t\t<div class=\"elementor-widget-container\">\n\t\t\t\t\t\t\t\t\t\t\t\t\t\t\t<img decoding=\"async\" width=\"221\" height=\"243\" src=\"https:\/\/wcf.de\/de\/wp-content\/uploads\/sites\/9\/2022\/07\/jarmuszewski-BE.jpg\" class=\"attachment-full size-full wp-image-12999\" alt=\"\" \/>\t\t\t\t\t\t\t\t\t\t\t\t\t\t\t<\/div>\n\t\t\t\t<\/div>\n\t\t\t\t\t<\/div>\n\t\t<\/div>\n\t\t\t\t<div class=\"elementor-column elementor-col-50 elementor-inner-column elementor-element elementor-element-8ce04e3\" data-id=\"8ce04e3\" data-element_type=\"column\" data-e-type=\"column\">\n\t\t\t<div class=\"elementor-widget-wrap elementor-element-populated\">\n\t\t\t\t\t\t<div class=\"elementor-element elementor-element-07c143d elementor-widget elementor-widget-text-editor\" data-id=\"07c143d\" data-element_type=\"widget\" data-e-type=\"widget\" data-widget_type=\"text-editor.default\">\n\t\t\t\t<div class=\"elementor-widget-container\">\n\t\t\t\t\t\t\t\t\t<p>Mit gro\u00dfem Bedauern haben wir vom Tod unseres Internationalen WCF-Richters <br \/>Miro Jarmuszewski erfahren. <br \/>Unser aufrichtiges Beileid an die Familie und Freunde.<\/p>\n<p>\u00a0<\/p>\n<p>\u00a0<\/p>\n<p>Der Vorstand<\/p>\t\t\t\t\t\t\t\t<\/div>\n\t\t\t\t<\/div>\n\t\t\t\t\t<\/div>\n\t\t<\/div>\n\t\t\t\t\t<\/div>\n\t\t<\/section>\n\t\t\t\t<div class=\"elementor-element elementor-element-600bd1d elementor-widget-divider--view-line elementor-widget elementor-widget-divider\" data-id=\"600bd1d\" data-element_type=\"widget\" data-e-type=\"widget\" data-widget_type=\"divider.default\">\n\t\t\t\t<div class=\"elementor-widget-container\">\n\t\t\t\t\t\t\t<div class=\"elementor-divider\">\n\t\t\t<span class=\"elementor-divider-separator\">\n\t\t\t\t\t\t<\/span>\n\t\t<\/div>\n\t\t\t\t\t\t<\/div>\n\t\t\t\t<\/div>\n\t\t\t\t\t<\/div>\n\t\t<\/div>\n\t\t\t\t\t<\/div>\n\t\t<\/section>\n\t\t\t\t<section class=\"elementor-section elementor-top-section elementor-element elementor-element-b363e12 elementor-section-full_width elementor-section-height-default elementor-section-height-default\" data-id=\"b363e12\" data-element_type=\"section\" data-e-type=\"section\">\n\t\t\t\t\t\t<div class=\"elementor-container elementor-column-gap-default\">\n\t\t\t\t\t<div class=\"elementor-column elementor-col-100 elementor-top-column elementor-element elementor-element-00ff1b0\" data-id=\"00ff1b0\" data-element_type=\"column\" data-e-type=\"column\">\n\t\t\t<div class=\"elementor-widget-wrap elementor-element-populated\">\n\t\t\t\t\t\t<div class=\"elementor-element elementor-element-d0718ec elementor-widget elementor-widget-text-editor\" data-id=\"d0718ec\" data-element_type=\"widget\" data-e-type=\"widget\" data-widget_type=\"text-editor.default\">\n\t\t\t\t<div class=\"elementor-widget-container\">\n\t\t\t\t\t\t\t\t\t\n<p>2022-06-30<\/p>\n<h6>Newsletter Nr. 35<\/h6>\n<p>Liebe Mitglieder, liebe Richter,<br \/>am 24. Juni wurde unser Newsletter Nr. 35 versandt.<br \/>Sollten Sie ihn nicht erhalten haben, kontaktieren Sie bitte das WCF B\u00fcro.<\/p>\n<p>Anneliese Hackmann<br \/>WCF Pr\u00e4sidentin<\/p>\n\t\t\t\t\t\t\t\t<\/div>\n\t\t\t\t<\/div>\n\t\t\t\t<div class=\"elementor-element elementor-element-c3d51e2 elementor-widget-divider--view-line elementor-widget elementor-widget-divider\" data-id=\"c3d51e2\" data-element_type=\"widget\" data-e-type=\"widget\" data-widget_type=\"divider.default\">\n\t\t\t\t<div class=\"elementor-widget-container\">\n\t\t\t\t\t\t\t<div class=\"elementor-divider\">\n\t\t\t<span class=\"elementor-divider-separator\">\n\t\t\t\t\t\t<\/span>\n\t\t<\/div>\n\t\t\t\t\t\t<\/div>\n\t\t\t\t<\/div>\n\t\t\t\t\t<\/div>\n\t\t<\/div>\n\t\t\t\t\t<\/div>\n\t\t<\/section>\n\t\t\t\t<section class=\"elementor-section elementor-top-section elementor-element elementor-element-215f966 elementor-section-full_width elementor-section-height-default elementor-section-height-default\" data-id=\"215f966\" data-element_type=\"section\" data-e-type=\"section\">\n\t\t\t\t\t\t<div class=\"elementor-container elementor-column-gap-default\">\n\t\t\t\t\t<div class=\"elementor-column elementor-col-100 elementor-top-column elementor-element elementor-element-20edae7\" data-id=\"20edae7\" data-element_type=\"column\" data-e-type=\"column\">\n\t\t\t<div class=\"elementor-widget-wrap elementor-element-populated\">\n\t\t\t\t\t\t<div class=\"elementor-element elementor-element-24601e4 elementor-widget elementor-widget-text-editor\" data-id=\"24601e4\" data-element_type=\"widget\" data-e-type=\"widget\" data-widget_type=\"text-editor.default\">\n\t\t\t\t<div class=\"elementor-widget-container\">\n\t\t\t\t\t\t\t\t\t\n<p>2022-06-23<\/p>\n<h6>Information zur Novizenklasse<\/h6>\n<p>Liebe Mitglieder,<\/p>\n<p>Die Teilnahme \/ die Ergebnisse aus der Novizenklasse von anderen Vereinen \/ Organisationen werden von der WCF nicht anerkannt.<\/p>\n<p>Der Vorstand<\/p>\n\t\t\t\t\t\t\t\t<\/div>\n\t\t\t\t<\/div>\n\t\t\t\t<div class=\"elementor-element elementor-element-792a16f elementor-widget-divider--view-line elementor-widget elementor-widget-divider\" data-id=\"792a16f\" data-element_type=\"widget\" data-e-type=\"widget\" data-widget_type=\"divider.default\">\n\t\t\t\t<div class=\"elementor-widget-container\">\n\t\t\t\t\t\t\t<div class=\"elementor-divider\">\n\t\t\t<span class=\"elementor-divider-separator\">\n\t\t\t\t\t\t<\/span>\n\t\t<\/div>\n\t\t\t\t\t\t<\/div>\n\t\t\t\t<\/div>\n\t\t\t\t\t<\/div>\n\t\t<\/div>\n\t\t\t\t\t<\/div>\n\t\t<\/section>\n\t\t\t\t<section class=\"elementor-section elementor-top-section elementor-element elementor-element-55c9bb7 elementor-section-full_width elementor-section-height-default elementor-section-height-default\" data-id=\"55c9bb7\" data-element_type=\"section\" data-e-type=\"section\">\n\t\t\t\t\t\t<div class=\"elementor-container elementor-column-gap-default\">\n\t\t\t\t\t<div class=\"elementor-column elementor-col-100 elementor-top-column elementor-element elementor-element-6f174e9\" data-id=\"6f174e9\" data-element_type=\"column\" data-e-type=\"column\">\n\t\t\t<div class=\"elementor-widget-wrap elementor-element-populated\">\n\t\t\t\t\t\t<div class=\"elementor-element elementor-element-1048bc5 elementor-widget elementor-widget-text-editor\" data-id=\"1048bc5\" data-element_type=\"widget\" data-e-type=\"widget\" data-widget_type=\"text-editor.default\">\n\t\t\t\t<div class=\"elementor-widget-container\">\n\t\t\t\t\t\t\t\t\t\n<p>2022-06-23<\/p>\n<h6>Nichtanerkennung von Online-Titeln<\/h6>\n<p>Liebe Mitglieder,<\/p>\n<p>wir m\u00f6chten Sie nochmals darauf hinweisen, dass die WCF keine Titel anerkennt, die auf Online-Shows errungen wurden\/werden.<\/p>\n<p>Der Vorstand<\/p>\n\t\t\t\t\t\t\t\t<\/div>\n\t\t\t\t<\/div>\n\t\t\t\t<div class=\"elementor-element elementor-element-f432671 elementor-widget-divider--view-line elementor-widget elementor-widget-divider\" data-id=\"f432671\" data-element_type=\"widget\" data-e-type=\"widget\" data-widget_type=\"divider.default\">\n\t\t\t\t<div class=\"elementor-widget-container\">\n\t\t\t\t\t\t\t<div class=\"elementor-divider\">\n\t\t\t<span class=\"elementor-divider-separator\">\n\t\t\t\t\t\t<\/span>\n\t\t<\/div>\n\t\t\t\t\t\t<\/div>\n\t\t\t\t<\/div>\n\t\t\t\t\t<\/div>\n\t\t<\/div>\n\t\t\t\t\t<\/div>\n\t\t<\/section>\n\t\t\t\t<section class=\"elementor-section elementor-top-section elementor-element elementor-element-5a0fc9b elementor-section-full_width elementor-section-height-default elementor-section-height-default\" data-id=\"5a0fc9b\" data-element_type=\"section\" data-e-type=\"section\">\n\t\t\t\t\t\t<div class=\"elementor-container elementor-column-gap-default\">\n\t\t\t\t\t<div class=\"elementor-column elementor-col-100 elementor-top-column elementor-element elementor-element-5d434cf\" data-id=\"5d434cf\" data-element_type=\"column\" data-e-type=\"column\">\n\t\t\t<div class=\"elementor-widget-wrap elementor-element-populated\">\n\t\t\t\t\t\t<div class=\"elementor-element elementor-element-2cbc665 elementor-widget elementor-widget-text-editor\" data-id=\"2cbc665\" data-element_type=\"widget\" data-e-type=\"widget\" data-widget_type=\"text-editor.default\">\n\t\t\t\t<div class=\"elementor-widget-container\">\n\t\t\t\t\t\t\t\t\t\n<p>2022-05-18<\/p>\n<h6>Generalversammlung 2022, Einladung und Formulare<\/h6>\n<p>Liebe Mitglieder,<br \/>die Einladung und alle notwendigen Formulare stehen Ihnen ab sofort auch in unserem passwortgesch\u00fctzten Mitgliederbereich zur Verf\u00fcgung.<\/p>\n<p>Anneliese Hackmann<br \/>Pr\u00e4sidentin WCF e.V.<\/p>\n\t\t\t\t\t\t\t\t<\/div>\n\t\t\t\t<\/div>\n\t\t\t\t<div class=\"elementor-element elementor-element-7bd9921 elementor-widget-divider--view-line elementor-widget elementor-widget-divider\" data-id=\"7bd9921\" data-element_type=\"widget\" data-e-type=\"widget\" data-widget_type=\"divider.default\">\n\t\t\t\t<div class=\"elementor-widget-container\">\n\t\t\t\t\t\t\t<div class=\"elementor-divider\">\n\t\t\t<span class=\"elementor-divider-separator\">\n\t\t\t\t\t\t<\/span>\n\t\t<\/div>\n\t\t\t\t\t\t<\/div>\n\t\t\t\t<\/div>\n\t\t\t\t\t<\/div>\n\t\t<\/div>\n\t\t\t\t\t<\/div>\n\t\t<\/section>\n\t\t\t\t<section class=\"elementor-section elementor-top-section elementor-element elementor-element-c6394fa elementor-section-full_width elementor-section-height-default elementor-section-height-default\" data-id=\"c6394fa\" data-element_type=\"section\" data-e-type=\"section\">\n\t\t\t\t\t\t<div class=\"elementor-container elementor-column-gap-default\">\n\t\t\t\t\t<div class=\"elementor-column elementor-col-100 elementor-top-column elementor-element elementor-element-c8aba98\" data-id=\"c8aba98\" data-element_type=\"column\" data-e-type=\"column\">\n\t\t\t<div class=\"elementor-widget-wrap elementor-element-populated\">\n\t\t\t\t\t\t<div class=\"elementor-element elementor-element-1c42422 elementor-widget elementor-widget-text-editor\" data-id=\"1c42422\" data-element_type=\"widget\" data-e-type=\"widget\" data-widget_type=\"text-editor.default\">\n\t\t\t\t<div class=\"elementor-widget-container\">\n\t\t\t\t\t\t\t\t\t\n<p>2022-05-09<\/p>\n<h6>Stellungnahme des Vorstands<\/h6>\n<p>Das politische Werbevideo von Frau Rudakova hat nichts mit der Politik der WCF zu tun.<br \/><br \/>Der WCF-Vorstand hat Frau Rudakova keine Vollmacht erteilt, den Namen der Organisation f\u00fcr ihre pers\u00f6nlichen Zwecke zu verwenden.<br \/><br \/><\/p>\n<p>Der Vorstand<\/p>\n\t\t\t\t\t\t\t\t<\/div>\n\t\t\t\t<\/div>\n\t\t\t\t<div class=\"elementor-element elementor-element-ef31ea7 elementor-widget-divider--view-line elementor-widget elementor-widget-divider\" data-id=\"ef31ea7\" data-element_type=\"widget\" data-e-type=\"widget\" data-widget_type=\"divider.default\">\n\t\t\t\t<div class=\"elementor-widget-container\">\n\t\t\t\t\t\t\t<div class=\"elementor-divider\">\n\t\t\t<span class=\"elementor-divider-separator\">\n\t\t\t\t\t\t<\/span>\n\t\t<\/div>\n\t\t\t\t\t\t<\/div>\n\t\t\t\t<\/div>\n\t\t\t\t\t<\/div>\n\t\t<\/div>\n\t\t\t\t\t<\/div>\n\t\t<\/section>\n\t\t\t\t<section class=\"elementor-section elementor-top-section elementor-element elementor-element-ce89265 elementor-section-full_width elementor-section-height-default elementor-section-height-default\" data-id=\"ce89265\" data-element_type=\"section\" data-e-type=\"section\">\n\t\t\t\t\t\t<div class=\"elementor-container elementor-column-gap-default\">\n\t\t\t\t\t<div class=\"elementor-column elementor-col-100 elementor-top-column elementor-element elementor-element-501bef2\" data-id=\"501bef2\" data-element_type=\"column\" data-e-type=\"column\">\n\t\t\t<div class=\"elementor-widget-wrap elementor-element-populated\">\n\t\t\t\t\t\t<div class=\"elementor-element elementor-element-6edc59e elementor-widget elementor-widget-text-editor\" data-id=\"6edc59e\" data-element_type=\"widget\" data-e-type=\"widget\" data-widget_type=\"text-editor.default\">\n\t\t\t\t<div class=\"elementor-widget-container\">\n\t\t\t\t\t\t\t\t\t\n<p>2022-05-04<\/p>\n<h6><strong>Newsletter Nr. 34<\/strong><\/h6>\n<p><br \/>Liebe Mitglieder, liebe Richter,<\/p>\n<p>am 2. Mai wurde unser Newsletter Nr. 34 versandt.<\/p>\n<p>Sollten Sie ihn nicht erhalten haben, kontaktieren Sie bitte das WCF B\u00fcro.<br \/><br \/><\/p>\n<p>Anneliese Hackmann<\/p>\n<p>WCF Pr\u00e4sidentin<\/p>\n\t\t\t\t\t\t\t\t<\/div>\n\t\t\t\t<\/div>\n\t\t\t\t<div class=\"elementor-element elementor-element-a8eaab2 elementor-widget-divider--view-line elementor-widget elementor-widget-divider\" data-id=\"a8eaab2\" data-element_type=\"widget\" data-e-type=\"widget\" data-widget_type=\"divider.default\">\n\t\t\t\t<div class=\"elementor-widget-container\">\n\t\t\t\t\t\t\t<div class=\"elementor-divider\">\n\t\t\t<span class=\"elementor-divider-separator\">\n\t\t\t\t\t\t<\/span>\n\t\t<\/div>\n\t\t\t\t\t\t<\/div>\n\t\t\t\t<\/div>\n\t\t\t\t\t<\/div>\n\t\t<\/div>\n\t\t\t\t\t<\/div>\n\t\t<\/section>\n\t\t\t\t<section class=\"elementor-section elementor-top-section elementor-element elementor-element-84a5610 elementor-section-full_width elementor-section-height-default elementor-section-height-default\" data-id=\"84a5610\" data-element_type=\"section\" data-e-type=\"section\">\n\t\t\t\t\t\t<div class=\"elementor-container elementor-column-gap-default\">\n\t\t\t\t\t<div class=\"elementor-column elementor-col-100 elementor-top-column elementor-element elementor-element-61e3e06\" data-id=\"61e3e06\" data-element_type=\"column\" data-e-type=\"column\">\n\t\t\t<div class=\"elementor-widget-wrap elementor-element-populated\">\n\t\t\t\t\t\t<div class=\"elementor-element elementor-element-6f8b6f1 elementor-widget elementor-widget-text-editor\" data-id=\"6f8b6f1\" data-element_type=\"widget\" data-e-type=\"widget\" data-widget_type=\"text-editor.default\">\n\t\t\t\t<div class=\"elementor-widget-container\">\n\t\t\t\t\t\t\t\t\t\n<p>2022-03-30<\/p>\n<h6>Einschr\u00e4nkungen f\u00fcr Ausstellungen in Russland<\/h6>\n<p>Liebe Mitglieder, liebe Z\u00fcchter, liebe Kollegen,<\/p>\n<p>wir leben in einer schwierigen Zeit, in einer Zeit des Wandels.<\/p>\n<p>Wir hoffen, dass der Konflikt zwischen Russland und der Ukraine bald beendet sein wird.<\/p>\n<p>Die WCF ist eine friedliche Organisation, aber auch wir m\u00fcssen uns an die Gesetze halten, da wir ein Verein sind und die Statuten befolgen m\u00fcssen. Wir sind kein Unternehmen und keine kommerzielle Organisation.<\/p>\n<p><strong>Der Vorstand der WCF hat beschlossen, dass aufgrund der immer noch bestehenden russischen Milit\u00e4raktionen gegen die Ukraine bis auf weiteres keine Genehmigungen f\u00fcr Weltausstellungen und sonstige Ausstellungen mit Sondergenehmigung in Russland erteilt werden.<\/strong><\/p>\n<p>Alle genehmigten nationalen und internationalen Ausstellungen ohne Sondergenehmigung k\u00f6nnen weiterhin stattfinden.<\/p>\n<p>Die Weltausstellung in Omsk wurde vor drei Jahren genehmigt, und aus verschiedenen rechtlichen Gr\u00fcnden haben wir nicht das Recht, sie abzusagen.<\/p>\n<p>Unter den heutigen Umst\u00e4nden, in denen jeden Tag Menschen sterben, ist es f\u00fcr uns alle psychologisch sehr schwierig. Aber wir d\u00fcrfen nicht vergessen, dass der Krieg enden wird und unsere Liebe unendlich ist. Wir werden unsere Arbeit fortsetzen, wir werden unsere kleine Insel der G\u00fcte und des Gl\u00fccks f\u00fcr Sie alle retten.<\/p>\n<p>Unser Appell an alle Z\u00fcchter auf dieser Welt: Bitte halten Sie zusammen und unterst\u00fctzen Sie sich gegenseitig. Katzen sollten Freundschaft und Freude bringen.<\/p>\n<p>Der Vorstand<\/p>\n\t\t\t\t\t\t\t\t<\/div>\n\t\t\t\t<\/div>\n\t\t\t\t<div class=\"elementor-element elementor-element-b9ef636 elementor-widget-divider--view-line elementor-widget elementor-widget-divider\" data-id=\"b9ef636\" data-element_type=\"widget\" data-e-type=\"widget\" data-widget_type=\"divider.default\">\n\t\t\t\t<div class=\"elementor-widget-container\">\n\t\t\t\t\t\t\t<div class=\"elementor-divider\">\n\t\t\t<span class=\"elementor-divider-separator\">\n\t\t\t\t\t\t<\/span>\n\t\t<\/div>\n\t\t\t\t\t\t<\/div>\n\t\t\t\t<\/div>\n\t\t\t\t\t<\/div>\n\t\t<\/div>\n\t\t\t\t\t<\/div>\n\t\t<\/section>\n\t\t\t\t<section class=\"elementor-section elementor-top-section elementor-element elementor-element-5ef9bfc elementor-section-full_width elementor-section-height-default elementor-section-height-default\" data-id=\"5ef9bfc\" data-element_type=\"section\" data-e-type=\"section\">\n\t\t\t\t\t\t<div class=\"elementor-container elementor-column-gap-default\">\n\t\t\t\t\t<div class=\"elementor-column elementor-col-100 elementor-top-column elementor-element elementor-element-3fdb37c\" data-id=\"3fdb37c\" data-element_type=\"column\" data-e-type=\"column\">\n\t\t\t<div class=\"elementor-widget-wrap elementor-element-populated\">\n\t\t\t\t\t\t<div class=\"elementor-element elementor-element-2ab0909 elementor-widget elementor-widget-text-editor\" data-id=\"2ab0909\" data-element_type=\"widget\" data-e-type=\"widget\" data-widget_type=\"text-editor.default\">\n\t\t\t\t<div class=\"elementor-widget-container\">\n\t\t\t\t\t\t\t\t\t\n<p>2022-03-09<\/p>\n<h6>Statement &amp; Klarstellung<\/h6>\n<p>Liebe Mitglieder, liebe Z\u00fcchter, liebe Kollegen, <br \/><br \/>ich m\u00f6chte Ihnen ein kurzes Statement geben, da leider falsche Informationen anderer konkurrenzf\u00e4higer Organisationen durch das russische Fernsehen verbreitet werden. <br \/><br \/>Zur Klarstellung:<br \/>Die WCF arbeitet ganz normal weiter und alle Klubs k\u00f6nnen weitermachen wie gehabt. <br \/>Es sind lediglich die Weltausstellungen und Ausstellungen mit einer speziellen Genehmigung bis zum 31.03.2021 geblockt worden. <br \/>Nach diesem Datum m\u00fcssen wir schauen, wie die Lage ist und ob wieder alles erlaubt sein kann. <br \/><br \/>Wir hoffen alle, dass der Krieg bald vorbei ist und die Menschen aus der Ukraine ohne Einschr\u00e4nkung in ihr vorheriges Leben zur\u00fcckk\u00f6nnen. <br \/>Bitte h\u00f6rt nicht auf irgendwelche Aussagen oder Aufrufe, bitte informiert Euch auf unserer Webseite unter WCF-Aktuell.<\/p>\n<p>\u00a0<\/p>\n<p>Anneliese Hackmann<br \/>Pr\u00e4sidentin WCF e.V.<\/p>\n\t\t\t\t\t\t\t\t<\/div>\n\t\t\t\t<\/div>\n\t\t\t\t<div class=\"elementor-element elementor-element-4bf5c2b elementor-widget-divider--view-line elementor-widget elementor-widget-divider\" data-id=\"4bf5c2b\" data-element_type=\"widget\" data-e-type=\"widget\" data-widget_type=\"divider.default\">\n\t\t\t\t<div class=\"elementor-widget-container\">\n\t\t\t\t\t\t\t<div class=\"elementor-divider\">\n\t\t\t<span class=\"elementor-divider-separator\">\n\t\t\t\t\t\t<\/span>\n\t\t<\/div>\n\t\t\t\t\t\t<\/div>\n\t\t\t\t<\/div>\n\t\t\t\t\t<\/div>\n\t\t<\/div>\n\t\t\t\t\t<\/div>\n\t\t<\/section>\n\t\t\t\t<section class=\"elementor-section elementor-top-section elementor-element elementor-element-a049667 elementor-section-full_width elementor-section-height-default elementor-section-height-default\" data-id=\"a049667\" data-element_type=\"section\" data-e-type=\"section\">\n\t\t\t\t\t\t<div class=\"elementor-container elementor-column-gap-default\">\n\t\t\t\t\t<div class=\"elementor-column elementor-col-100 elementor-top-column elementor-element elementor-element-ea06532\" data-id=\"ea06532\" data-element_type=\"column\" data-e-type=\"column\">\n\t\t\t<div class=\"elementor-widget-wrap elementor-element-populated\">\n\t\t\t\t\t\t<div class=\"elementor-element elementor-element-bd67cbe elementor-widget elementor-widget-text-editor\" data-id=\"bd67cbe\" data-element_type=\"widget\" data-e-type=\"widget\" data-widget_type=\"text-editor.default\">\n\t\t\t\t<div class=\"elementor-widget-container\">\n\t\t\t\t\t\t\t\t\t\n<p>2022-02-26<\/p>\n<h6>Einschr\u00e4nkungen f\u00fcr Ausstellungen in Russland<\/h6>\n<p>Liebe WCF Mitglieder,<br \/><br \/>der World Cat Federation e.V. ist eine felinologische Organisation und h\u00e4lt sich stets von politischen Angelegenheiten fern. <br \/>Dennoch erfordert die einzigartige geopolitische Situation in Europa ein ungew\u00f6hnliches und schnelles Handeln.<br \/><br \/>Wir informieren Sie hiermit, dass leider alle Weltausstellungen sowie Ausstellungen mit Sondergenehmigung (= Sonderlizenzen) in Russland ab dem 01.03.2022 geschlossen werden. <br \/>Alle hierf\u00fcr verwendeten Lizenznummern bleiben f\u00fcr den Klub erhalten. <br \/>Wenn Sie Fragen haben, k\u00f6nnen Sie sich an unsere Generalsekret\u00e4rin wenden. <br \/><br \/>Ebenfalls k\u00f6nnen bis zum 31.03.2022 vorl\u00e4ufig keine Weltausstellungen und Ausstellungen mit Sonderlizenz f\u00fcr Russland genehmigt werden. Wir m\u00fcssen abwarten, bis sich die Situation beruhigt hat.<br \/><br \/>Info f\u00fcr unsere Z\u00fcchter:<br \/>Die Veterin\u00e4r\u00e4mter der meisten EU-L\u00e4nder haben vor\u00fcbergehende Ausnahmeregelungen eingef\u00fchrt, die es Fl\u00fcchtlingen erlauben, die Grenze von der Ukraine zu den meisten EU-L\u00e4ndern mit ihren Haustieren zu \u00fcberqueren; dies gilt f\u00fcr Katzen, Hunde und Frettchen. Die Tierhalter m\u00fcssen an der Grenze nicht die normalerweise erforderlichen Veterin\u00e4rdokumente vorlegen, so dass die ukrainischen B\u00fcrger in die EU einreisen k\u00f6nnen.<br \/><br \/>Unsere Gedanken sind in diesen schwierigen Tagen bei unseren Freunden und Mitgliedern in der Ukraine und ihren Haustieren. <br \/>Erinnern wir uns daran, dass wir eine gemeinsame Leidenschaft teilen, unterst\u00fctzen wir den Frieden und schaffen wir keine unn\u00f6tigen Spaltungen. Der einzige akzeptable Zweikampf ist der Kampf und der Wettbewerb unserer geliebten Katzen auf unseren Ausstellungen.<\/p>\n<p><br \/>Der Vorstand<\/p>\n\t\t\t\t\t\t\t\t<\/div>\n\t\t\t\t<\/div>\n\t\t\t\t<div class=\"elementor-element elementor-element-7cf7925 elementor-widget-divider--view-line elementor-widget elementor-widget-divider\" data-id=\"7cf7925\" data-element_type=\"widget\" data-e-type=\"widget\" data-widget_type=\"divider.default\">\n\t\t\t\t<div class=\"elementor-widget-container\">\n\t\t\t\t\t\t\t<div class=\"elementor-divider\">\n\t\t\t<span class=\"elementor-divider-separator\">\n\t\t\t\t\t\t<\/span>\n\t\t<\/div>\n\t\t\t\t\t\t<\/div>\n\t\t\t\t<\/div>\n\t\t\t\t\t<\/div>\n\t\t<\/div>\n\t\t\t\t\t<\/div>\n\t\t<\/section>\n\t\t\t\t<section class=\"elementor-section elementor-top-section elementor-element elementor-element-efebbd8 elementor-section-full_width elementor-section-height-default elementor-section-height-default\" data-id=\"efebbd8\" data-element_type=\"section\" data-e-type=\"section\">\n\t\t\t\t\t\t<div class=\"elementor-container elementor-column-gap-default\">\n\t\t\t\t\t<div class=\"elementor-column elementor-col-100 elementor-top-column elementor-element elementor-element-ca73eca\" data-id=\"ca73eca\" data-element_type=\"column\" data-e-type=\"column\">\n\t\t\t<div class=\"elementor-widget-wrap elementor-element-populated\">\n\t\t\t\t\t\t<div class=\"elementor-element elementor-element-ee2b5f9 elementor-widget elementor-widget-text-editor\" data-id=\"ee2b5f9\" data-element_type=\"widget\" data-e-type=\"widget\" data-widget_type=\"text-editor.default\">\n\t\t\t\t<div class=\"elementor-widget-container\">\n\t\t\t\t\t\t\t\t\t\n<p>2022-01-11<\/p>\n<h6>Online Seminar &#8220;WCF-EMS Code &amp; Stammb\u00e4ume\u201c, n\u00e4chster Termin<\/h6>\n<p>Liebe WCF-Mitglieder,<\/p>\n<p>ein weiteres Seminar \u201eWCF-EMS Code\/Stammb\u00e4ume\u201c in Englisch findet am 30.01.2022 um 16.00 Uhr (deutsche Zeit) statt.<\/p>\n<p><strong>Bitte senden Sie Ihre Anmeldung an Frau Beverly Elian,<\/strong><\/p>\n<p><strong>E-Mail:<\/strong> <a href=\"mailto:magnificats.ro@gmail.com\">magnificats.ro@gmail.com<\/a>.<\/p>\n<p>Anmeldeformular zum Download:<\/p>\n<p><a href=\"https:\/\/wcf.de\/pdf\/Application-WEBINAR-WCF-EMS-Code_pedigrees-2022.docx\"><img decoding=\"async\" class=\"alignnone wp-image-10563 size-full\" src=\"https:\/\/wcf.de\/test1\/wp-content\/uploads\/sites\/5\/2021\/09\/msword-48.png\" alt=\"\" width=\"48\" height=\"48\" \/><\/a><\/p>\n<p><strong>Die Geb\u00fchr von 15 Euro (unabh\u00e4ngig von der Anzahl der angemeldeten Teilnehmer) ist im Voraus zu entrichten.<\/strong><\/p>\n<p>Bitte beachten Sie, dass bei der Zahlung die Vereinsnummer und das Teilnahmedatum angegeben werden muss!<\/p>\n<p>Der Vorstand<\/p>\n\t\t\t\t\t\t\t\t<\/div>\n\t\t\t\t<\/div>\n\t\t\t\t<div class=\"elementor-element elementor-element-3ecfae3 elementor-widget-divider--view-line elementor-widget elementor-widget-divider\" data-id=\"3ecfae3\" data-element_type=\"widget\" data-e-type=\"widget\" data-widget_type=\"divider.default\">\n\t\t\t\t<div class=\"elementor-widget-container\">\n\t\t\t\t\t\t\t<div class=\"elementor-divider\">\n\t\t\t<span class=\"elementor-divider-separator\">\n\t\t\t\t\t\t<\/span>\n\t\t<\/div>\n\t\t\t\t\t\t<\/div>\n\t\t\t\t<\/div>\n\t\t\t\t\t<\/div>\n\t\t<\/div>\n\t\t\t\t\t<\/div>\n\t\t<\/section>\n\t\t\t\t<\/div>\n\t\t","protected":false},"excerpt":{"rendered":"<p>Archiv 2022 2022-12-23 B\u00fcroschlie\u00dfung Weihnachten bis 1. Januar 2023 Liebe Mitglieder, Das WCF-B\u00fcro ist bis einschlie\u00dflich 1. Januar 2023 geschlossen, es werden keine Anfragen beantwortet.Auch Frau Hackmann ist in dieser Zeit nicht erreichbar, bitte sehen Sie von pers\u00f6nlichen Telefonaten und WhatsApp-Nachrichten ab. Wir w\u00fcnschen allen Mitgliedern frohe Weihnachten und ein erfolgreiches 2023!Ihr WCF B\u00fcroteam 2022-12-08 [&hellip;]<\/p>\n","protected":false},"author":1,"featured_media":0,"parent":0,"menu_order":0,"comment_status":"closed","ping_status":"closed","template":"","meta":{"_monsterinsights_skip_tracking":false,"_monsterinsights_sitenote_active":false,"_monsterinsights_sitenote_note":"","_monsterinsights_sitenote_category":0,"footnotes":""},"class_list":["post-13903","page","type-page","status-publish","hentry"],"aioseo_notices":[],"_links":{"self":[{"href":"https:\/\/wcf.de\/de\/wp-json\/wp\/v2\/pages\/13903","targetHints":{"allow":["GET"]}}],"collection":[{"href":"https:\/\/wcf.de\/de\/wp-json\/wp\/v2\/pages"}],"about":[{"href":"https:\/\/wcf.de\/de\/wp-json\/wp\/v2\/types\/page"}],"author":[{"embeddable":true,"href":"https:\/\/wcf.de\/de\/wp-json\/wp\/v2\/users\/1"}],"replies":[{"embeddable":true,"href":"https:\/\/wcf.de\/de\/wp-json\/wp\/v2\/comments?post=13903"}],"version-history":[{"count":8,"href":"https:\/\/wcf.de\/de\/wp-json\/wp\/v2\/pages\/13903\/revisions"}],"predecessor-version":[{"id":13912,"href":"https:\/\/wcf.de\/de\/wp-json\/wp\/v2\/pages\/13903\/revisions\/13912"}],"wp:attachment":[{"href":"https:\/\/wcf.de\/de\/wp-json\/wp\/v2\/media?parent=13903"}],"curies":[{"name":"wp","href":"https:\/\/api.w.org\/{rel}","templated":true}]}}